{"id":162,"date":"2017-10-31T16:35:38","date_gmt":"2017-10-31T15:35:38","guid":{"rendered":"http:\/\/letalent.eu\/?post_type=ufaq&#038;p=162"},"modified":"2017-10-31T16:35:38","modified_gmt":"2017-10-31T15:35:38","slug":"est-ce-que-lentree-dans-le-reseau-du-talent-peut-augmenter-mon-chiffre-daffaires","status":"publish","type":"ufaq","link":"https:\/\/letalent.be\/index.php\/ufaqs\/est-ce-que-lentree-dans-le-reseau-du-talent-peut-augmenter-mon-chiffre-daffaires\/","title":{"rendered":"Est-ce que l\u2019entr\u00e9e dans le r\u00e9seau du Talent peut augmenter mon chiffre d\u2019affaires ?"},"content":{"rendered":"<style>div.ufaq-faq-title h4 {\r\nfont-size:1.2em;\r\n}<\/style><div  class=\"ewd-ufaq-faq-list ewd-ufaq-page-type-load_more\" id='ewd-ufaq-faq-list'>\n\n\t<input type='hidden' name='show_on_load' value='' id='ewd-ufaq-show-on-load' \/>\n<input type='hidden' name='include_category' value='' id='ewd-ufaq-include-category' \/>\n<input type='hidden' name='exclude_category' value='' id='ewd-ufaq-exclude-category' \/>\n<input type='hidden' name='orderby' value='title' id='ewd-ufaq-orderby' \/>\n<input type='hidden' name='order' value='asc' id='ewd-ufaq-order' \/>\n<input type='hidden' name='post_count' value='-1' id='ewd-ufaq-post-count' \/>\n<input type='hidden' name='current_url' value='\/index.php\/wp-json\/wp\/v2\/ufaq\/162' id='ewd-ufaq-current-url' \/>\n\t\n\t\n\t<div class='ewd-ufaq-faqs'>\n\n\t\t<div  class=\"ewd-ufaq-faq-div ewd-ufaq-faq-column-count-one ewd-ufaq-faq-responsive-columns- ewd-ufaq-faq-display-style-one ewd-ufaq-can-be-toggled\" id='ewd-ufaq-post-162-pNCqJMCduh' data-post_id='162'>\n\n\t<div class='ewd-ufaq-faq-title ewd-ufaq-faq-toggle'>\n\t\n\t<a class='ewd-ufaq-post-margin'  href='#'>\n\n\t\t<div class='ewd-ufaq-post-margin-symbol ewd-ufaq-square'>\n\t\t\t<span >A<\/span>\n\t\t<\/div>\n\n\t\t<div class='ewd-ufaq-faq-title-text'>\n\n\t\t\t<h4>\n\t\t\t\tEst-ce que l\u2019entr\u00e9e dans le r\u00e9seau du Talent peut augmenter mon chiffre d\u2019affaires ?\t\t\t<\/h4>\n\n\t\t<\/div>\n\n\t\t<div class='ewd-ufaq-clear'><\/div>\n\n\t<\/a>\n\t\n<\/div>\n\t\n\t<div class='ewd-ufaq-faq-body ' >\n\n\t\t\n\t\t\t\n\t\t\n\t\t\t<div class='ewd-ufaq-post-margin ewd-ufaq-faq-post'>\n\t<p>Oui, car les consommateurs utilisateurs du Talent iront de pr\u00e9f\u00e9rence<a href=\"http:\/\/letalent.eu\/index.php\/commercants-et-services\/\"> chez les prestataires adh\u00e9rant <\/a>aux valeurs \u00e9thiques du Talent.<br \/>\nDe plus, la liste des prestataires mise en ligne met en avant les partenaires, leurs produits et les services offerts. C\u2019est une visibilit\u00e9 suppl\u00e9mentaire. Des clients d\u00e9couvriront peut-\u00eatre votre activit\u00e9 gr\u00e2ce au Talent\u2026<\/p>\n<\/div>\n\t\t\n\t\t\t<div class='ewd-ufaq-faq-custom-fields'>\n\n\t\n<\/div>\n\t\t\n\t\t\t<div class='ewd-ufaq-faq-categories'>\n\t\n\tCategory:\n\t\n\t\tPrestataires\n\t\n<\/div>\n\t\t\n\t\t\t\n\t\t\n\t\t\t\n\t\t\n\t\t\t\n\t\t\n\t\t\t\n\t\t\n\t\t\t\n\t\t\n\t\t\t<div class='ewd-ufaq-back-to-top'>\n\t\n\t<a class='ewd-ufaq-back-to-top-link'>\n\t\tBack to Top\t<\/a>\n\n<\/div>\n\t\t\n\t<\/div>\n\n<\/div>\n\t<\/div>\n\n\t\n<\/div>","protected":false},"excerpt":{"rendered":"<p>A Est-ce que l\u2019entr\u00e9e dans le r\u00e9seau du Talent peut augmenter mon chiffre d\u2019affaires ? Oui, car les consommateurs utilisateurs du Talent iront de pr\u00e9f\u00e9rence chez les prestataires adh\u00e9rant aux valeurs \u00e9thiques du Talent. De plus, la liste des prestataires mise en ligne met en avant les partenaires, leurs produits et les services offerts. C\u2019est [&hellip;]<\/p>\n","protected":false},"author":2,"comment_status":"closed","ping_status":"closed","template":"","ufaq-category":[15],"ufaq-tag":[],"class_list":["post-162","ufaq","type-ufaq","status-publish","hentry","ufaq-category-prestataires"],"acf":[],"_links":{"self":[{"href":"https:\/\/letalent.be\/index.php\/wp-json\/wp\/v2\/ufaq\/162","targetHints":{"allow":["GET"]}}],"collection":[{"href":"https:\/\/letalent.be\/index.php\/wp-json\/wp\/v2\/ufaq"}],"about":[{"href":"https:\/\/letalent.be\/index.php\/wp-json\/wp\/v2\/types\/ufaq"}],"author":[{"embeddable":true,"href":"https:\/\/letalent.be\/index.php\/wp-json\/wp\/v2\/users\/2"}],"replies":[{"embeddable":true,"href":"https:\/\/letalent.be\/index.php\/wp-json\/wp\/v2\/comments?post=162"}],"wp:attachment":[{"href":"https:\/\/letalent.be\/index.php\/wp-json\/wp\/v2\/media?parent=162"}],"wp:term":[{"taxonomy":"ufaq-category","embeddable":true,"href":"https:\/\/letalent.be\/index.php\/wp-json\/wp\/v2\/ufaq-category?post=162"},{"taxonomy":"ufaq-tag","embeddable":true,"href":"https:\/\/letalent.be\/index.php\/wp-json\/wp\/v2\/ufaq-tag?post=162"}],"curies":[{"name":"wp","href":"https:\/\/api.w.org\/{rel}","templated":true}]}}