{"id":151,"date":"2017-10-31T16:26:59","date_gmt":"2017-10-31T15:26:59","guid":{"rendered":"http:\/\/letalent.eu\/?post_type=ufaq&#038;p=151"},"modified":"2017-10-31T16:26:59","modified_gmt":"2017-10-31T15:26:59","slug":"quels-sont-les-autres-acteurs-impliques-dans-la-demarche-du-talent","status":"publish","type":"ufaq","link":"https:\/\/letalent.be\/index.php\/ufaqs\/quels-sont-les-autres-acteurs-impliques-dans-la-demarche-du-talent\/","title":{"rendered":"Quels sont les autres acteurs impliqu\u00e9s dans la d\u00e9marche du Talent ?"},"content":{"rendered":"<style>div.ufaq-faq-title h4 {\r\nfont-size:1.2em;\r\n}<\/style><div  class=\"ewd-ufaq-faq-list ewd-ufaq-page-type-load_more\" id='ewd-ufaq-faq-list'>\n\n\t<input type='hidden' name='show_on_load' value='' id='ewd-ufaq-show-on-load' \/>\n<input type='hidden' name='include_category' value='' id='ewd-ufaq-include-category' \/>\n<input type='hidden' name='exclude_category' value='' id='ewd-ufaq-exclude-category' \/>\n<input type='hidden' name='orderby' value='title' id='ewd-ufaq-orderby' \/>\n<input type='hidden' name='order' value='asc' id='ewd-ufaq-order' \/>\n<input type='hidden' name='post_count' value='-1' id='ewd-ufaq-post-count' \/>\n<input type='hidden' name='current_url' value='\/index.php\/wp-json\/wp\/v2\/ufaq\/151' id='ewd-ufaq-current-url' \/>\n\t\n\t\n\t<div class='ewd-ufaq-faqs'>\n\n\t\t<div  class=\"ewd-ufaq-faq-div ewd-ufaq-faq-column-count-one ewd-ufaq-faq-responsive-columns- ewd-ufaq-faq-display-style-one ewd-ufaq-can-be-toggled\" id='ewd-ufaq-post-151-s0gU9wf3To' data-post_id='151'>\n\n\t<div class='ewd-ufaq-faq-title ewd-ufaq-faq-toggle'>\n\t\n\t<a class='ewd-ufaq-post-margin'  href='#'>\n\n\t\t<div class='ewd-ufaq-post-margin-symbol ewd-ufaq-square'>\n\t\t\t<span >A<\/span>\n\t\t<\/div>\n\n\t\t<div class='ewd-ufaq-faq-title-text'>\n\n\t\t\t<h4>\n\t\t\t\tQuels sont les autres acteurs impliqu\u00e9s dans la d\u00e9marche du Talent ?\t\t\t<\/h4>\n\n\t\t<\/div>\n\n\t\t<div class='ewd-ufaq-clear'><\/div>\n\n\t<\/a>\n\t\n<\/div>\n\t\n\t<div class='ewd-ufaq-faq-body ' >\n\n\t\t\n\t\t\t\n\t\t\n\t\t\t<div class='ewd-ufaq-post-margin ewd-ufaq-faq-post'>\n\t<p align=\"left\"><a href=\"https:\/\/www.financite.be\/\">&#8211; Financit\u00e9<\/a><\/p>\n<p align=\"left\">&#8211; <a href=\"https:\/\/new.maisondd.be\/\">La Maison du d\u00e9veloppement durable <\/a>(MDD)<\/p>\n<p align=\"left\">&#8211;<a href=\"https:\/\/www.kbs-frb.be\/fr\/\"> La Fondation Roi Baudouin<\/a> (FRB)<\/p>\n<p align=\"left\">&#8211; <a href=\"http:\/\/gaclln.over-blog.com\/\">Le Groupe d\u2019achat en commun de Louvain-la-Neuve<\/a>(GAC)<\/p>\n<p align=\"left\">Des contacts sont en bonne voie avec\u00a0:<\/p>\n<p align=\"left\">&#8211; <a href=\"https:\/\/www.uclouvain.be\/index.html\">L\u2019Universit\u00e9 catholique de Louvain<\/a> (UCL)<\/p>\n<p align=\"left\">&#8211; <a href=\"http:\/\/www.ahlln.be\/\">L\u2019Association des habitants de Louvain-la-Neuve<\/a>(AH)<\/p>\n<p align=\"left\">&#8211; <a href=\"http:\/\/www.kapuclouvain.be\/web\/index.php\">Des kots \u00e0 projets \u00e9tudiants<\/a> (KAP)<\/p>\n<p align=\"left\">&#8211;<a href=\"http:\/\/www.aglouvain.be\/site2\/\"> L\u2019Assembl\u00e9e g\u00e9n\u00e9rale des \u00e9tudiants de Louvain<\/a> (AGL)<\/p>\n<p align=\"left\"><a href=\"http:\/\/www.credal.be\/\">&#8211; Credal<\/a><\/p>\n<\/div>\n\t\t\n\t\t\t<div class='ewd-ufaq-faq-custom-fields'>\n\n\t\n<\/div>\n\t\t\n\t\t\t<div class='ewd-ufaq-faq-categories'>\n\t\n\tCategory:\n\t\n\t\tG\u00e9n\u00e9rales\n\t\n<\/div>\n\t\t\n\t\t\t\n\t\t\n\t\t\t\n\t\t\n\t\t\t\n\t\t\n\t\t\t\n\t\t\n\t\t\t\n\t\t\n\t\t\t<div class='ewd-ufaq-back-to-top'>\n\t\n\t<a class='ewd-ufaq-back-to-top-link'>\n\t\tBack to Top\t<\/a>\n\n<\/div>\n\t\t\n\t<\/div>\n\n<\/div>\n\t<\/div>\n\n\t\n<\/div>","protected":false},"excerpt":{"rendered":"<p>A Quels sont les autres acteurs impliqu\u00e9s dans la d\u00e9marche du Talent ? &#8211; Financit\u00e9 &#8211; La Maison du d\u00e9veloppement durable (MDD) &#8211; La Fondation Roi Baudouin (FRB) &#8211; Le Groupe d\u2019achat en commun de Louvain-la-Neuve(GAC) Des contacts sont en bonne voie avec\u00a0: &#8211; L\u2019Universit\u00e9 catholique de Louvain (UCL) &#8211; L\u2019Association des habitants de Louvain-la-Neuve(AH) [&hellip;]<\/p>\n","protected":false},"author":2,"comment_status":"closed","ping_status":"closed","template":"","ufaq-category":[13],"ufaq-tag":[],"class_list":["post-151","ufaq","type-ufaq","status-publish","hentry","ufaq-category-generales"],"acf":[],"_links":{"self":[{"href":"https:\/\/letalent.be\/index.php\/wp-json\/wp\/v2\/ufaq\/151","targetHints":{"allow":["GET"]}}],"collection":[{"href":"https:\/\/letalent.be\/index.php\/wp-json\/wp\/v2\/ufaq"}],"about":[{"href":"https:\/\/letalent.be\/index.php\/wp-json\/wp\/v2\/types\/ufaq"}],"author":[{"embeddable":true,"href":"https:\/\/letalent.be\/index.php\/wp-json\/wp\/v2\/users\/2"}],"replies":[{"embeddable":true,"href":"https:\/\/letalent.be\/index.php\/wp-json\/wp\/v2\/comments?post=151"}],"wp:attachment":[{"href":"https:\/\/letalent.be\/index.php\/wp-json\/wp\/v2\/media?parent=151"}],"wp:term":[{"taxonomy":"ufaq-category","embeddable":true,"href":"https:\/\/letalent.be\/index.php\/wp-json\/wp\/v2\/ufaq-category?post=151"},{"taxonomy":"ufaq-tag","embeddable":true,"href":"https:\/\/letalent.be\/index.php\/wp-json\/wp\/v2\/ufaq-tag?post=151"}],"curies":[{"name":"wp","href":"https:\/\/api.w.org\/{rel}","templated":true}]}}