{"id":149,"date":"2017-10-31T16:24:06","date_gmt":"2017-10-31T15:24:06","guid":{"rendered":"http:\/\/letalent.eu\/?post_type=ufaq&#038;p=149"},"modified":"2017-10-31T16:24:06","modified_gmt":"2017-10-31T15:24:06","slug":"qui-gere-le-talent","status":"publish","type":"ufaq","link":"https:\/\/letalent.be\/index.php\/ufaqs\/qui-gere-le-talent\/","title":{"rendered":"Qui g\u00e8re le Talent ?"},"content":{"rendered":"<style>div.ufaq-faq-title h4 {\r\nfont-size:1.2em;\r\n}<\/style><div  class=\"ewd-ufaq-faq-list ewd-ufaq-page-type-load_more\" id='ewd-ufaq-faq-list'>\n\n\t<input type='hidden' name='show_on_load' value='' id='ewd-ufaq-show-on-load' \/>\n<input type='hidden' name='include_category' value='' id='ewd-ufaq-include-category' \/>\n<input type='hidden' name='exclude_category' value='' id='ewd-ufaq-exclude-category' \/>\n<input type='hidden' name='orderby' value='title' id='ewd-ufaq-orderby' \/>\n<input type='hidden' name='order' value='asc' id='ewd-ufaq-order' \/>\n<input type='hidden' name='post_count' value='-1' id='ewd-ufaq-post-count' \/>\n<input type='hidden' name='current_url' value='\/index.php\/wp-json\/wp\/v2\/ufaq\/149' id='ewd-ufaq-current-url' \/>\n\t\n\t\n\t<div class='ewd-ufaq-faqs'>\n\n\t\t<div  class=\"ewd-ufaq-faq-div ewd-ufaq-faq-column-count-one ewd-ufaq-faq-responsive-columns- ewd-ufaq-faq-display-style-one ewd-ufaq-can-be-toggled\" id='ewd-ufaq-post-149-7Mgh24SlXv' data-post_id='149'>\n\n\t<div class='ewd-ufaq-faq-title ewd-ufaq-faq-toggle'>\n\t\n\t<a class='ewd-ufaq-post-margin'  href='#'>\n\n\t\t<div class='ewd-ufaq-post-margin-symbol ewd-ufaq-square'>\n\t\t\t<span >A<\/span>\n\t\t<\/div>\n\n\t\t<div class='ewd-ufaq-faq-title-text'>\n\n\t\t\t<h4>\n\t\t\t\tQui g\u00e8re le Talent ?\t\t\t<\/h4>\n\n\t\t<\/div>\n\n\t\t<div class='ewd-ufaq-clear'><\/div>\n\n\t<\/a>\n\t\n<\/div>\n\t\n\t<div class='ewd-ufaq-faq-body ' >\n\n\t\t\n\t\t\t\n\t\t\n\t\t\t<div class='ewd-ufaq-post-margin ewd-ufaq-faq-post'>\n\t<p align=\"left\">L\u2019ASBL \u00ab\u00a0Le Talent\u00a0\u00bb g\u00e8re le projet. Elle est constitu\u00e9e de citoyens consommateurs (les utilisateurs), de commer\u00e7ants, de professions lib\u00e9rales et d\u2019acteurs sociaux et culturels (les prestataires) ainsi que des repr\u00e9sentants des pouvoirs publics. Les statuts de l\u2019ASBL <a href=\"http:\/\/www.letalent.be\/wp-content\/uploads\/2016\/10\/Statuts_asbl_LeTalent.pdf\">peuvent \u00eatre consult\u00e9s ici<\/a>.<\/p>\n<p align=\"left\">L\u2019Assembl\u00e9e g\u00e9n\u00e9rale est compos\u00e9e de deux coll\u00e8ges (celui des utilisateurs et celui des prestataires, qui inclut les commer\u00e7ants, les ind\u00e9pendants, les associations et les institutions). Chaque d\u00e9cision importante devra obtenir l\u2019assentiment de chacun de ces deux coll\u00e8ges. Le conseil d\u2019administration est compos\u00e9 de repr\u00e9sentants \u00e9lus par l\u2019Assembl\u00e9e g\u00e9n\u00e9rale et issus des deux coll\u00e8ges.<\/p>\n<\/div>\n\t\t\n\t\t\t<div class='ewd-ufaq-faq-custom-fields'>\n\n\t\n<\/div>\n\t\t\n\t\t\t<div class='ewd-ufaq-faq-categories'>\n\t\n\tCategory:\n\t\n\t\tG\u00e9n\u00e9rales\n\t\n<\/div>\n\t\t\n\t\t\t\n\t\t\n\t\t\t\n\t\t\n\t\t\t\n\t\t\n\t\t\t\n\t\t\n\t\t\t\n\t\t\n\t\t\t<div class='ewd-ufaq-back-to-top'>\n\t\n\t<a class='ewd-ufaq-back-to-top-link'>\n\t\tBack to Top\t<\/a>\n\n<\/div>\n\t\t\n\t<\/div>\n\n<\/div>\n\t<\/div>\n\n\t\n<\/div>","protected":false},"excerpt":{"rendered":"<p>A Qui g\u00e8re le Talent ? L\u2019ASBL \u00ab\u00a0Le Talent\u00a0\u00bb g\u00e8re le projet. Elle est constitu\u00e9e de citoyens consommateurs (les utilisateurs), de commer\u00e7ants, de professions lib\u00e9rales et d\u2019acteurs sociaux et culturels (les prestataires) ainsi que des repr\u00e9sentants des pouvoirs publics. Les statuts de l\u2019ASBL peuvent \u00eatre consult\u00e9s ici. L\u2019Assembl\u00e9e g\u00e9n\u00e9rale est compos\u00e9e de deux coll\u00e8ges (celui [&hellip;]<\/p>\n","protected":false},"author":2,"comment_status":"closed","ping_status":"closed","template":"","ufaq-category":[13],"ufaq-tag":[],"class_list":["post-149","ufaq","type-ufaq","status-publish","hentry","ufaq-category-generales"],"acf":[],"_links":{"self":[{"href":"https:\/\/letalent.be\/index.php\/wp-json\/wp\/v2\/ufaq\/149","targetHints":{"allow":["GET"]}}],"collection":[{"href":"https:\/\/letalent.be\/index.php\/wp-json\/wp\/v2\/ufaq"}],"about":[{"href":"https:\/\/letalent.be\/index.php\/wp-json\/wp\/v2\/types\/ufaq"}],"author":[{"embeddable":true,"href":"https:\/\/letalent.be\/index.php\/wp-json\/wp\/v2\/users\/2"}],"replies":[{"embeddable":true,"href":"https:\/\/letalent.be\/index.php\/wp-json\/wp\/v2\/comments?post=149"}],"wp:attachment":[{"href":"https:\/\/letalent.be\/index.php\/wp-json\/wp\/v2\/media?parent=149"}],"wp:term":[{"taxonomy":"ufaq-category","embeddable":true,"href":"https:\/\/letalent.be\/index.php\/wp-json\/wp\/v2\/ufaq-category?post=149"},{"taxonomy":"ufaq-tag","embeddable":true,"href":"https:\/\/letalent.be\/index.php\/wp-json\/wp\/v2\/ufaq-tag?post=149"}],"curies":[{"name":"wp","href":"https:\/\/api.w.org\/{rel}","templated":true}]}}