{"id":2,"date":"2017-10-25T20:16:19","date_gmt":"2017-10-25T18:16:19","guid":{"rendered":"http:\/\/letalent.eu\/?page_id=2"},"modified":"2017-10-30T10:41:11","modified_gmt":"2017-10-30T09:41:11","slug":"page-d-exemple","status":"publish","type":"page","link":"https:\/\/letalent.be\/index.php\/le-talent\/page-d-exemple\/","title":{"rendered":"Historique"},"content":{"rendered":"<div class=\"entry-content container clearfix\">\n<h2>La longue histoire d\u2019une monnaie locale\u2026<\/h2>\n<p>L\u2019id\u00e9e de cr\u00e9er une monnaie locale \u00e0 Ottignies-Louvain-la-Neuve ne date pas d\u2019hier, elle est pr\u00e9sente depuis plusieurs ann\u00e9es chez quelques habitants.<\/p>\n<p>Plusieurs amorces de projets ont petit \u00e0 petit permis la cr\u00e9ation du Talent. Mais au fait, pourquoi ce nom?<\/p>\n<p>Autant ce nom parait \u00e9vident, autant il a n\u00e9cessit\u00e9 de nombreuses heures de recherches, de discussions, de consultations, de votes\u2026<\/p>\n<p>Nous voulions un nom \u00e0 connotation exclusivement positive ; un nom facile \u00e0 retenir, \u00e0 \u00e9noncer et \u00e0 d\u00e9cliner.<\/p>\n<p>Nous avons fouill\u00e9 dans les tiroirs g\u00e9ographiques (le Dylar, le Dylon, le Botroul, le Bralon, l\u2019Okgn\u00ee\u2026), \u00e9tudiants (le Bitu, la Douf, le Calottin, la Dalle, la Buse, la Lov\u00e8ne\u2026), ruraux (la graine, le grain, la ch\u00e2taigne, la luciole, le topi\u2026), mon\u00e9taires (le Black, le Flouze, la Mesure, la P\u00e9pette, le Radol\u2026) et on vous passe les Bwana, Malice, Roupy et Moloco\u2026<\/p>\n<p>Et puis, un jour, nous nous sommes accord\u00e9s sur un mot, beau comme de l\u2019Antique, autrefois unit\u00e9 de monnaie et de masse mais aussi et surtout un hommage \u00e0 notre terre de savoirs, de cultures et d\u2019innovations : le Talent !<\/p>\n<\/div>\n","protected":false},"excerpt":{"rendered":"<p>La longue histoire d\u2019une monnaie locale\u2026 L\u2019id\u00e9e de cr\u00e9er une monnaie locale \u00e0 Ottignies-Louvain-la-Neuve ne date pas d\u2019hier, elle est pr\u00e9sente depuis plusieurs ann\u00e9es chez quelques habitants. Plusieurs amorces de projets ont petit \u00e0 petit permis la cr\u00e9ation du Talent. Mais au fait, pourquoi ce nom? Autant ce nom parait \u00e9vident, autant il a n\u00e9cessit\u00e9 [&hellip;]<\/p>\n","protected":false},"author":1,"featured_media":0,"parent":12,"menu_order":0,"comment_status":"closed","ping_status":"open","template":"","meta":{"footnotes":""},"class_list":["post-2","page","type-page","status-publish","hentry"],"acf":[],"_links":{"self":[{"href":"https:\/\/letalent.be\/index.php\/wp-json\/wp\/v2\/pages\/2","targetHints":{"allow":["GET"]}}],"collection":[{"href":"https:\/\/letalent.be\/index.php\/wp-json\/wp\/v2\/pages"}],"about":[{"href":"https:\/\/letalent.be\/index.php\/wp-json\/wp\/v2\/types\/page"}],"author":[{"embeddable":true,"href":"https:\/\/letalent.be\/index.php\/wp-json\/wp\/v2\/users\/1"}],"replies":[{"embeddable":true,"href":"https:\/\/letalent.be\/index.php\/wp-json\/wp\/v2\/comments?post=2"}],"version-history":[{"count":1,"href":"https:\/\/letalent.be\/index.php\/wp-json\/wp\/v2\/pages\/2\/revisions"}],"predecessor-version":[{"id":39,"href":"https:\/\/letalent.be\/index.php\/wp-json\/wp\/v2\/pages\/2\/revisions\/39"}],"up":[{"embeddable":true,"href":"https:\/\/letalent.be\/index.php\/wp-json\/wp\/v2\/pages\/12"}],"wp:attachment":[{"href":"https:\/\/letalent.be\/index.php\/wp-json\/wp\/v2\/media?parent=2"}],"curies":[{"name":"wp","href":"https:\/\/api.w.org\/{rel}","templated":true}]}}